{"id":444,"date":"2021-05-14T17:29:46","date_gmt":"2021-05-14T17:29:46","guid":{"rendered":"https:\/\/silviacortiwines.com\/?page_id=444"},"modified":"2024-03-19T22:36:02","modified_gmt":"2024-03-19T22:36:02","slug":"terroir","status":"publish","type":"page","link":"https:\/\/silviacortiwines.com\/en\/terroir\/","title":{"rendered":"Terroir"},"content":{"rendered":"<p>[et_pb_section fb_built=\u00bb1&#8243; custom_padding_last_edited=\u00bbon|desktop\u00bb _builder_version=\u00bb4.17.6&#8243; _module_preset=\u00bbdefault\u00bb custom_margin=\u00bb0px||0px||true|false\u00bb custom_margin_tablet=\u00bb0px||0px||true|false\u00bb custom_margin_phone=\u00bb0px||0px||true|false\u00bb custom_margin_last_edited=\u00bbon|desktop\u00bb custom_padding=\u00bb0px||0px||true|false\u00bb custom_padding_tablet=\u00bb0px||0px||false|false\u00bb custom_padding_phone=\u00bb0px||0px||true|false\u00bb global_colors_info=\u00bb{}\u00bb][et_pb_row custom_padding_last_edited=\u00bbon|tablet\u00bb _builder_version=\u00bb4.17.6&#8243; _module_preset=\u00bbdefault\u00bb background_image=\u00bbhttps:\/\/silviacortiwines.com\/wp-content\/uploads\/2021\/04\/DSC0473-scaled.jpg\u00bb parallax=\u00bbon\u00bb parallax_method=\u00bboff\u00bb width=\u00bb100%\u00bb max_width=\u00bb2560px\u00bb module_alignment=\u00bbcenter\u00bb custom_margin=\u00bb|auto|0px|auto|false|false\u00bb custom_padding=\u00bb60px||60px||true|false\u00bb custom_padding_tablet=\u00bb60px||60px||true|false\u00bb custom_padding_phone=\u00bb60px||60px||true|false\u00bb background_last_edited=\u00bbon|tablet\u00bb parallax_phone=\u00bboff\u00bb parallax_method_phone=\u00bboff\u00bb background_size_phone=\u00bbinitial\u00bb background_position_phone=\u00bbtop_center\u00bb global_colors_info=\u00bb{}\u00bb][et_pb_column type=\u00bb4_4&#8243; _builder_version=\u00bb4.16&#8243; _module_preset=\u00bbdefault\u00bb global_colors_info=\u00bb{}\u00bb][et_pb_text _builder_version=\u00bb4.17.6&#8243; _module_preset=\u00bbdefault\u00bb header_text_align=\u00bbcenter\u00bb header_text_color=\u00bb#0D0C0E\u00bb header_font_size=\u00bb50px\u00bb header_letter_spacing=\u00bb10px\u00bb global_colors_info=\u00bb{}\u00bb]<\/p>\n<h1><span style=\"color: #ffffff;\">TERROIR<\/span><\/h1>\n<p>[\/et_pb_text][\/et_pb_column][\/et_pb_row][\/et_pb_section][et_pb_section fb_built=\u00bb1&#8243; admin_label=\u00bbSC-TERROIR\u00bb module_class=\u00bbterroir-sc\u00bb _builder_version=\u00bb4.17.6&#8243; _module_preset=\u00bbdefault\u00bb background_image=\u00bbhttps:\/\/silviacortiwines.com\/wp-content\/uploads\/2022\/10\/fonndo-terroir-05.png\u00bb module_alignment=\u00bbcenter\u00bb global_colors_info=\u00bb{}\u00bb][et_pb_row column_structure=\u00bb1_2,1_2&#8243; make_equal=\u00bbon\u00bb admin_label=\u00bbPARAJE-ALTAMIRA\u00bb module_class=\u00bbcolumnas-invertidas\u00bb _builder_version=\u00bb4.17.6&#8243; _module_preset=\u00bbdefault\u00bb global_colors_info=\u00bb{}\u00bb][et_pb_column type=\u00bb1_2&#8243; _builder_version=\u00bb4.17.6&#8243; _module_preset=\u00bbdefault\u00bb custom_css_main_element=\u00bbmargin: auto;\u00bb global_colors_info=\u00bb{}\u00bb][et_pb_image src=\u00bbhttps:\/\/silviacortiwines.com\/wp-content\/uploads\/2023\/06\/Paraje-altamira.png\u00bb title_text=\u00bbParaje-altamira\u00bb _builder_version=\u00bb4.17.6&#8243; _module_preset=\u00bbdefault\u00bb global_colors_info=\u00bb{}\u00bb][\/et_pb_image][\/et_pb_column][et_pb_column type=\u00bb1_2&#8243; _builder_version=\u00bb4.17.6&#8243; _module_preset=\u00bbdefault\u00bb custom_css_main_element=\u00bbmargin: auto;\u00bb global_colors_info=\u00bb{}\u00bb][et_pb_text _builder_version=\u00bb4.17.6&#8243; _module_preset=\u00bbdefault\u00bb header_text_align=\u00bbcenter\u00bb custom_padding=\u00bb||||false|false\u00bb custom_padding_tablet=\u00bb||||false|false\u00bb custom_padding_phone=\u00bb30px||||false|false\u00bb custom_padding_last_edited=\u00bbon|phone\u00bb global_colors_info=\u00bb{}\u00bb]<\/p>\n<h1 data-block-id=\"block-16a93633-9621-4b00-8492-2375a350e420\"><span style=\"color: #ffffff;\">PARAJE ALTAMIRA<\/span><\/h1>\n<h1 data-block-id=\"block-b0350485-8c39-4f71-85fa-0aae8a34a823\"><\/h1>\n<p>[\/et_pb_text][et_pb_text _builder_version=\u00bb4.17.6&#8243; _module_preset=\u00bbdefault\u00bb global_colors_info=\u00bb{}\u00bb]<\/p>\n<p>Delicadeza y elegancia elaborado con uvas de un vi\u00f1edo ubicado a 1050 mt de altitud, que crece sobre un suelo arcillo-limoso con rocas de carbonato de calcio en superficie, originado de un cono aluvional del Rio Tunuy\u00e1n.<\/p>\n<p>[\/et_pb_text][et_pb_button button_url=\u00bbhttps:\/\/silviacortiwines.com\/wp-content\/uploads\/2024\/03\/fichas-tecnicas-paraje-esp.pdf\u00bb button_text=\u00bbDescargar Ficha T\u00e9cnica\u00bb button_alignment=\u00bbcenter\u00bb admin_label=\u00bbBot\u00f3n\u00bb _builder_version=\u00bb4.17.6&#8243; _module_preset=\u00bbdefault\u00bb custom_button=\u00bbon\u00bb button_text_size=\u00bb17px\u00bb button_text_color=\u00bb#FFFFFF\u00bb button_bg_color=\u00bb#9158E0&#8243; button_border_width=\u00bb0px\u00bb button_border_radius=\u00bb28px\u00bb animation_style=\u00bbfade\u00bb animation_duration=\u00bb400ms\u00bb hover_enabled=\u00bb0&#8243; box_shadow_style=\u00bbpreset3&#8243; global_colors_info=\u00bb{}\u00bb sticky_enabled=\u00bb0&#8243;][\/et_pb_button][et_pb_button button_url=\u00bbhttps:\/\/silviacortiwines.com\/wp-content\/uploads\/2024\/03\/fichas-tecnicas-paraje-ing.pdf\u00bb button_text=\u00bb Download Technical Sheet\u00bb button_alignment=\u00bbcenter\u00bb _builder_version=\u00bb4.17.6&#8243; _module_preset=\u00bbdefault\u00bb custom_button=\u00bbon\u00bb button_text_size=\u00bb17px\u00bb button_text_color=\u00bb#FFFFFF\u00bb button_bg_color=\u00bb#d0a95f\u00bb button_border_width=\u00bb0px\u00bb button_border_radius=\u00bb28px\u00bb animation_style=\u00bbfade\u00bb animation_duration=\u00bb400ms\u00bb hover_enabled=\u00bb0&#8243; box_shadow_style=\u00bbpreset3&#8243; global_colors_info=\u00bb{}\u00bb sticky_enabled=\u00bb0&#8243;][\/et_pb_button][\/et_pb_column][\/et_pb_row][et_pb_row column_structure=\u00bb1_2,1_2&#8243; make_equal=\u00bbon\u00bb admin_label=\u00bbSC-CEPILLO\u00bb _builder_version=\u00bb4.17.6&#8243; _module_preset=\u00bbdefault\u00bb global_colors_info=\u00bb{}\u00bb][et_pb_column type=\u00bb1_2&#8243; _builder_version=\u00bb4.17.6&#8243; _module_preset=\u00bbdefault\u00bb custom_css_main_element=\u00bbmargin: auto;\u00bb global_colors_info=\u00bb{}\u00bb][et_pb_image src=\u00bbhttps:\/\/silviacortiwines.com\/wp-content\/uploads\/2023\/08\/elcepillo-01-1.png\u00bb title_text=\u00bbelcepillo-01&#8243; _builder_version=\u00bb4.17.6&#8243; _module_preset=\u00bbdefault\u00bb global_colors_info=\u00bb{}\u00bb][\/et_pb_image][\/et_pb_column][et_pb_column type=\u00bb1_2&#8243; _builder_version=\u00bb4.17.6&#8243; _module_preset=\u00bbdefault\u00bb custom_css_main_element=\u00bbmargin: auto;\u00bb global_colors_info=\u00bb{}\u00bb][et_pb_text _builder_version=\u00bb4.17.6&#8243; _module_preset=\u00bbdefault\u00bb header_text_align=\u00bbcenter\u00bb custom_padding_tablet=\u00bb\u00bb custom_padding_phone=\u00bb30px||||false|false\u00bb custom_padding_last_edited=\u00bbon|phone\u00bb global_colors_info=\u00bb{}\u00bb]<\/p>\n<h1 data-block-id=\"block-16a93633-9621-4b00-8492-2375a350e420\"><span style=\"color: #ffffff;\">PAMPA EL CEPILLO<\/span><\/h1>\n<h1 data-block-id=\"block-b0350485-8c39-4f71-85fa-0aae8a34a823\"><\/h1>\n<p>[\/et_pb_text][et_pb_text _builder_version=\u00bb4.17.6&#8243; _module_preset=\u00bbdefault\u00bb global_colors_info=\u00bb{}\u00bb]<\/p>\n<p>Fr\u00edos extremos. Vinos de resistencia elaborados con uvas ubicadas a 1000 mt de altura, en plena Pampa el Cepillo, con una pendiente sur-este. Donde los suelos son profundos, pobres en nutrientes, con arena, caliche, m\u00e1rmol y algo de piedra bola.<\/p>\n<p>Esta zona est\u00e1 expuesta a frentes fr\u00edos del sur y es donde se registran las temperaturas m\u00e1s fr\u00edas anuales del Valle de Uco. Las temperaturas fr\u00edas, la mano del hombre, el suelo, las labores culturales focalizadas en escapar a las grandes heladas, crean un lugar \u00fanico y diferente.<\/p>\n<p>[\/et_pb_text][et_pb_button button_url=\u00bbhttps:\/\/silviacortiwines.com\/wp-content\/uploads\/2024\/03\/fichas-tecnicas-elcepillo-esp.pdf\u00bb button_text=\u00bbDescargar Ficha T\u00e9cnica\u00bb button_alignment=\u00bbcenter\u00bb _builder_version=\u00bb4.17.6&#8243; _module_preset=\u00bbdefault\u00bb custom_button=\u00bbon\u00bb button_text_size=\u00bb17px\u00bb button_text_color=\u00bb#FFFFFF\u00bb button_bg_color=\u00bb#9158E0&#8243; button_border_width=\u00bb0px\u00bb button_border_radius=\u00bb28px\u00bb animation_style=\u00bbfade\u00bb animation_duration=\u00bb400ms\u00bb hover_enabled=\u00bb0&#8243; box_shadow_style=\u00bbpreset3&#8243; global_colors_info=\u00bb{}\u00bb sticky_enabled=\u00bb0&#8243;][\/et_pb_button][et_pb_button button_url=\u00bbhttps:\/\/silviacortiwines.com\/wp-content\/uploads\/2024\/03\/fichas-tecnicas-elcepillo-ing.pdf\u00bb url_new_window=\u00bbon\u00bb button_text=\u00bb Download Technical Sheet\u00bb button_alignment=\u00bbcenter\u00bb _builder_version=\u00bb4.17.6&#8243; _module_preset=\u00bbdefault\u00bb custom_button=\u00bbon\u00bb button_text_size=\u00bb17px\u00bb button_text_color=\u00bb#FFFFFF\u00bb button_bg_color=\u00bb#d0a95f\u00bb button_border_width=\u00bb0px\u00bb button_border_radius=\u00bb28px\u00bb animation_style=\u00bbfade\u00bb animation_duration=\u00bb400ms\u00bb hover_enabled=\u00bb0&#8243; box_shadow_style=\u00bbpreset3&#8243; global_colors_info=\u00bb{}\u00bb sticky_enabled=\u00bb0&#8243;][\/et_pb_button][\/et_pb_column][\/et_pb_row][et_pb_row column_structure=\u00bb1_2,1_2&#8243; make_equal=\u00bbon\u00bb admin_label=\u00bbLAS COMPUERTAS\u00bb module_class=\u00bbcolumnas-invertidas\u00bb _builder_version=\u00bb4.17.6&#8243; _module_preset=\u00bbdefault\u00bb global_colors_info=\u00bb{}\u00bb][et_pb_column type=\u00bb1_2&#8243; _builder_version=\u00bb4.17.6&#8243; _module_preset=\u00bbdefault\u00bb custom_css_main_element=\u00bbmargin: auto;\u00bb global_colors_info=\u00bb{}\u00bb][et_pb_image src=\u00bbhttps:\/\/silviacortiwines.com\/wp-content\/uploads\/2023\/06\/las-compuertas.png\u00bb title_text=\u00bblas-compuertas\u00bb _builder_version=\u00bb4.17.6&#8243; _module_preset=\u00bbdefault\u00bb global_colors_info=\u00bb{}\u00bb][\/et_pb_image][\/et_pb_column][et_pb_column type=\u00bb1_2&#8243; _builder_version=\u00bb4.17.6&#8243; _module_preset=\u00bbdefault\u00bb custom_css_main_element=\u00bbmargin: auto;\u00bb global_colors_info=\u00bb{}\u00bb][et_pb_text _builder_version=\u00bb4.17.6&#8243; _module_preset=\u00bbdefault\u00bb header_text_align=\u00bbcenter\u00bb custom_padding_tablet=\u00bb\u00bb custom_padding_phone=\u00bb30px||||false|false\u00bb custom_padding_last_edited=\u00bbon|phone\u00bb global_colors_info=\u00bb{}\u00bb]<\/p>\n<h1 data-block-id=\"block-16a93633-9621-4b00-8492-2375a350e420\"><span style=\"color: #ffffff;\">LAS COMPUERTAS<\/span><\/h1>\n<h1 data-block-id=\"block-b0350485-8c39-4f71-85fa-0aae8a34a823\"><\/h1>\n<p>[\/et_pb_text][et_pb_text _builder_version=\u00bb4.17.6&#8243; _module_preset=\u00bbdefault\u00bb global_colors_info=\u00bb{}\u00bb]<\/p>\n<p>Prestigio y el sonido de los canales de riego. Elaborado con uvas de un vi\u00f1edo ubicado en el Callejon de la Reta, a 1070 mt de altura, en una zona de producci\u00f3n vitivinicola \u00fanica de muy pocos productores.<\/p>\n<p><span>Las Compuertas es una zona ubicada a la vera de la ruta 82,\u00a0 donde se desviaba el agua del r\u00edo hacia la ciudad y donde se junta el pedemonte y el r\u00edo Mendoza.<\/span><\/p>\n<p><span>All\u00ed obtenemos un vino de intenso color y aromas, nacido en un suelo profundo, compuesto por sedimentos finos y pocas piedras.<\/span><\/p>\n<p>Vinos de este terroir: <span>Silvia Corti Las Compuertas 2020<\/span><\/p>\n<p>[\/et_pb_text][et_pb_button button_url=\u00bbhttps:\/\/silviacortiwines.com\/wp-content\/uploads\/2024\/03\/fichas-tecnicas-lascompuertas-esp.pdf\u00bb button_text=\u00bbDescargar Ficha T\u00e9cnica\u00bb button_alignment=\u00bbcenter\u00bb _builder_version=\u00bb4.17.6&#8243; _module_preset=\u00bbdefault\u00bb custom_button=\u00bbon\u00bb button_text_size=\u00bb17px\u00bb button_text_color=\u00bb#FFFFFF\u00bb button_bg_color=\u00bb#9158E0&#8243; button_border_width=\u00bb0px\u00bb button_border_radius=\u00bb28px\u00bb animation_style=\u00bbfade\u00bb animation_duration=\u00bb400ms\u00bb hover_enabled=\u00bb0&#8243; box_shadow_style=\u00bbpreset3&#8243; global_colors_info=\u00bb{}\u00bb sticky_enabled=\u00bb0&#8243;][\/et_pb_button][et_pb_button button_url=\u00bbhttps:\/\/silviacortiwines.com\/wp-content\/uploads\/2024\/03\/fichas-tecnicas-lascompuertas-ing.pdf\u00bb button_text=\u00bb Download Technical Sheet\u00bb button_alignment=\u00bbcenter\u00bb _builder_version=\u00bb4.17.6&#8243; _module_preset=\u00bbdefault\u00bb custom_button=\u00bbon\u00bb button_text_size=\u00bb17px\u00bb button_text_color=\u00bb#FFFFFF\u00bb button_bg_color=\u00bb#d0a95f\u00bb button_border_width=\u00bb0px\u00bb button_border_radius=\u00bb28px\u00bb animation_style=\u00bbfade\u00bb animation_duration=\u00bb400ms\u00bb hover_enabled=\u00bb0&#8243; box_shadow_style=\u00bbpreset3&#8243; global_colors_info=\u00bb{}\u00bb sticky_enabled=\u00bb0&#8243;][\/et_pb_button][\/et_pb_column][\/et_pb_row][\/et_pb_section][et_pb_section fb_built=\u00bb1&#8243; custom_padding_last_edited=\u00bbon|phone\u00bb admin_label=\u00bbPROXIMAMENTE\u00bb _builder_version=\u00bb4.17.6&#8243; _module_preset=\u00bbdefault\u00bb custom_margin_tablet=\u00bb\u00bb custom_margin_phone=\u00bb\u00bb custom_margin_last_edited=\u00bbon|tablet\u00bb custom_padding=\u00bb0px||0px||true|false\u00bb custom_padding_tablet=\u00bb0px||0px||true|false\u00bb custom_padding_phone=\u00bb0px||0px||true|false\u00bb global_colors_info=\u00bb{}\u00bb][et_pb_row use_custom_gutter=\u00bbon\u00bb make_equal=\u00bbon\u00bb custom_padding_last_edited=\u00bbon|tablet\u00bb _builder_version=\u00bb4.17.6&#8243; _module_preset=\u00bbdefault\u00bb background_image=\u00bbhttps:\/\/silviacortiwines.com\/wp-content\/uploads\/2022\/08\/vid-scaled.jpg\u00bb width=\u00bb100%\u00bb width_tablet=\u00bb\u00bb width_phone=\u00bb100%\u00bb width_last_edited=\u00bbon|tablet\u00bb max_width=\u00bb2560%\u00bb min_height=\u00bb172.2px\u00bb custom_margin=\u00bb0px|0px|0px|0px|true|true\u00bb custom_margin_tablet=\u00bb0px|0px|0px|0px|true|true\u00bb custom_margin_phone=\u00bb0px|0px|0px|0px|true|true\u00bb custom_margin_last_edited=\u00bbon|desktop\u00bb custom_padding=\u00bb3vw|3vw|3vw|3vw|true|true\u00bb custom_padding_tablet=\u00bb3vw|3vw|3vw|3vw|true|true\u00bb custom_padding_phone=\u00bb|10vw||10vw|true|true\u00bb box_shadow_style=\u00bbpreset3&#8243; global_colors_info=\u00bb{}\u00bb][et_pb_column type=\u00bb4_4&#8243; _builder_version=\u00bb4.16&#8243; _module_preset=\u00bbdefault\u00bb global_colors_info=\u00bb{}\u00bb][et_pb_text content_tablet=\u00bb<\/p>\n<h2 style=%22text-align: center;%22><span style=%22color: #ffffff;%22>PR\u00d3XIMAMENTE GUALTALLARY, LOS CHACAYES, VINOS ORG\u00c1NICOS<\/span><\/h2>\n<h2 style=%22text-align: center;%22><span style=%22color: #ffffff;%22>Y VINOS SIN SULFITO<\/span><\/h2>\n<p>\u00bb content_phone=\u00bb<\/p>\n<h2 style=%22text-align: center;%22><span style=%22color: #ffffff;%22>PR\u00d3XIMAMENTE GUALTALLARY, LOS CHACAYES, VINOS ORG\u00c1NICOS<\/span><\/h2>\n<h2 style=%22text-align: center;%22><span style=%22color: #ffffff;%22>Y VINOS SIN SULFITO<\/span><\/h2>\n<h2><\/h2>\n<p>\u00bb content_last_edited=\u00bbon|phone\u00bb _builder_version=\u00bb4.17.6&#8243; _module_preset=\u00bbdefault\u00bb text_font=\u00bbAlegreya Sans|800|||||||\u00bb text_text_color=\u00bb#FFFFFF\u00bb text_font_size=\u00bb1px\u00bb text_letter_spacing=\u00bb3px\u00bb text_line_height=\u00bb1.3em\u00bb header_text_align=\u00bbcenter\u00bb header_text_color=\u00bb#0D0C0E\u00bb header_font_size=\u00bb50px\u00bb header_letter_spacing=\u00bb10px\u00bb text_orientation=\u00bbcenter\u00bb width_tablet=\u00bb\u00bb width_phone=\u00bb\u00bb width_last_edited=\u00bbon|phone\u00bb custom_margin=\u00bb29px||||false|false\u00bb text_text_shadow_style=\u00bbpreset2&#8243; text_text_shadow_blur_strength=\u00bb0.65em\u00bb text_text_shadow_color=\u00bb#0D0C0E\u00bb global_colors_info=\u00bb{}\u00bb]<\/p>\n<h2 style=\"text-align: center;\"><span style=\"color: #ffffff;\">PR\u00d3XIMAMENTE GUALTALLARY, LOS CHACAYES, VINOS ORG\u00c1NICOS<\/span><\/h2>\n<h2 style=\"text-align: center;\"><span style=\"color: #ffffff;\">Y VINOS SIN SULFITO<\/span><\/h2>\n<p>[\/et_pb_text][\/et_pb_column][\/et_pb_row][\/et_pb_section][et_pb_section fb_built=\u00bb1&#8243; _builder_version=\u00bb4.17.6&#8243; _module_preset=\u00bbdefault\u00bb global_colors_info=\u00bb{}\u00bb][et_pb_row column_structure=\u00bb1_3,1_3,1_3&#8243; _builder_version=\u00bb4.16&#8243; _module_preset=\u00bbdefault\u00bb min_height=\u00bb352.2px\u00bb global_colors_info=\u00bb{}\u00bb][et_pb_column type=\u00bb1_3&#8243; _builder_version=\u00bb4.16&#8243; _module_preset=\u00bbdefault\u00bb global_colors_info=\u00bb{}\u00bb][\/et_pb_column][et_pb_column type=\u00bb1_3&#8243; _builder_version=\u00bb4.16&#8243; _module_preset=\u00bbdefault\u00bb global_colors_info=\u00bb{}\u00bb][et_pb_image src=\u00bbhttps:\/\/silviacortiwines.com\/wp-content\/uploads\/2022\/10\/logo_scvioletdorado.png\u00bb title_text=\u00bblogo_scviolet+dorado\u00bb align=\u00bbcenter\u00bb _builder_version=\u00bb4.17.6&#8243; _module_preset=\u00bbdefault\u00bb width=\u00bb60%\u00bb max_width=\u00bb100%\u00bb global_colors_info=\u00bb{}\u00bb][\/et_pb_image][et_pb_social_media_follow _builder_version=\u00bb4.16&#8243; _module_preset=\u00bbdefault\u00bb text_orientation=\u00bbcenter\u00bb custom_margin=\u00bb0vw||0vw||false|false\u00bb global_colors_info=\u00bb{}\u00bb][et_pb_social_media_follow_network social_network=\u00bbfacebook\u00bb url=\u00bbhttps:\/\/www.facebook.com\/Silvia-Corti-104873181839770&#8243; _builder_version=\u00bb4.16&#8243; _module_preset=\u00bbdefault\u00bb background_color=\u00bbrgba(13,12,14,0.64)\u00bb background_enable_color=\u00bbon\u00bb global_colors_info=\u00bb{}\u00bb follow_button=\u00bboff\u00bb url_new_window=\u00bbon\u00bb]facebook[\/et_pb_social_media_follow_network][et_pb_social_media_follow_network social_network=\u00bbinstagram\u00bb url=\u00bbhttps:\/\/www.instagram.com\/silviavcorti\/\u00bb _builder_version=\u00bb4.16&#8243; _module_preset=\u00bbdefault\u00bb background_color=\u00bbrgba(13,12,14,0.64)\u00bb background_enable_color=\u00bbon\u00bb global_colors_info=\u00bb{}\u00bb follow_button=\u00bboff\u00bb url_new_window=\u00bbon\u00bb]instagram[\/et_pb_social_media_follow_network][\/et_pb_social_media_follow][\/et_pb_column][et_pb_column type=\u00bb1_3&#8243; _builder_version=\u00bb4.16&#8243; _module_preset=\u00bbdefault\u00bb global_colors_info=\u00bb{}\u00bb][\/et_pb_column][\/et_pb_row][\/et_pb_section]<\/p>\n","protected":false},"excerpt":{"rendered":"<p>TERROIRPARAJE ALTAMIRA Delicadeza y elegancia elaborado con uvas de un vi\u00f1edo ubicado a 1050 mt de altitud, que crece sobre un suelo arcillo-limoso con rocas de carbonato de calcio en superficie, originado de un cono aluvional del Rio Tunuy\u00e1n.PAMPA EL CEPILLO Fr\u00edos extremos. Vinos de resistencia elaborados con uvas ubicadas a 1000 mt de altura, [&hellip;]<\/p>\n","protected":false},"author":1,"featured_media":0,"parent":0,"menu_order":0,"comment_status":"closed","ping_status":"closed","template":"","meta":{"_et_pb_use_builder":"on","_et_pb_old_content":"","_et_gb_content_width":"","footnotes":""},"class_list":["post-444","page","type-page","status-publish","hentry"],"_links":{"self":[{"href":"https:\/\/silviacortiwines.com\/en\/wp-json\/wp\/v2\/pages\/444","targetHints":{"allow":["GET"]}}],"collection":[{"href":"https:\/\/silviacortiwines.com\/en\/wp-json\/wp\/v2\/pages"}],"about":[{"href":"https:\/\/silviacortiwines.com\/en\/wp-json\/wp\/v2\/types\/page"}],"author":[{"embeddable":true,"href":"https:\/\/silviacortiwines.com\/en\/wp-json\/wp\/v2\/users\/1"}],"replies":[{"embeddable":true,"href":"https:\/\/silviacortiwines.com\/en\/wp-json\/wp\/v2\/comments?post=444"}],"version-history":[{"count":98,"href":"https:\/\/silviacortiwines.com\/en\/wp-json\/wp\/v2\/pages\/444\/revisions"}],"predecessor-version":[{"id":1202,"href":"https:\/\/silviacortiwines.com\/en\/wp-json\/wp\/v2\/pages\/444\/revisions\/1202"}],"wp:attachment":[{"href":"https:\/\/silviacortiwines.com\/en\/wp-json\/wp\/v2\/media?parent=444"}],"curies":[{"name":"wp","href":"https:\/\/api.w.org\/{rel}","templated":true}]}}