{"id":1214,"date":"2024-10-23T12:00:36","date_gmt":"2024-10-23T12:00:36","guid":{"rendered":"https:\/\/silviacortiwines.com\/?page_id=1214"},"modified":"2024-10-23T12:09:14","modified_gmt":"2024-10-23T12:09:14","slug":"cerrojo","status":"publish","type":"page","link":"https:\/\/silviacortiwines.com\/en\/cerrojo\/","title":{"rendered":"Cerrojo"},"content":{"rendered":"<p>[et_pb_section fb_built=\u00bb1&#8243; custom_padding_last_edited=\u00bbon|desktop\u00bb _builder_version=\u00bb4.17.6&#8243; _module_preset=\u00bbdefault\u00bb custom_margin=\u00bb0px||0px||true|false\u00bb custom_margin_tablet=\u00bb0px||0px||true|false\u00bb custom_margin_phone=\u00bb0px||0px||true|false\u00bb custom_margin_last_edited=\u00bbon|desktop\u00bb custom_padding=\u00bb0px||0px||true|false\u00bb custom_padding_tablet=\u00bb0px||0px||false|false\u00bb custom_padding_phone=\u00bb0px||0px||true|false\u00bb hover_enabled=\u00bb0&#8243; global_colors_info=\u00bb{}\u00bb sticky_enabled=\u00bb0&#8243;][et_pb_row custom_padding_last_edited=\u00bbon|tablet\u00bb _builder_version=\u00bb4.17.6&#8243; _module_preset=\u00bbdefault\u00bb background_image=\u00bbhttps:\/\/silviacortiwines.com\/wp-content\/uploads\/2021\/04\/DSC0473-scaled.jpg\u00bb parallax=\u00bbon\u00bb parallax_method=\u00bboff\u00bb width=\u00bb100%\u00bb max_width=\u00bb2560px\u00bb module_alignment=\u00bbcenter\u00bb custom_margin=\u00bb|auto|0px|auto|false|false\u00bb custom_padding=\u00bb60px||60px||true|false\u00bb custom_padding_tablet=\u00bb60px||60px||true|false\u00bb custom_padding_phone=\u00bb60px||60px||true|false\u00bb background_last_edited=\u00bbon|tablet\u00bb parallax_phone=\u00bboff\u00bb parallax_method_phone=\u00bboff\u00bb background_size_phone=\u00bbinitial\u00bb background_position_phone=\u00bbtop_center\u00bb global_colors_info=\u00bb{}\u00bb][et_pb_column type=\u00bb4_4&#8243; _builder_version=\u00bb4.16&#8243; _module_preset=\u00bbdefault\u00bb global_colors_info=\u00bb{}\u00bb][et_pb_text _builder_version=\u00bb4.17.6&#8243; _module_preset=\u00bbdefault\u00bb header_text_align=\u00bbcenter\u00bb header_text_color=\u00bb#0D0C0E\u00bb header_font_size=\u00bb50px\u00bb header_letter_spacing=\u00bb10px\u00bb hover_enabled=\u00bb0&#8243; global_colors_info=\u00bb{}\u00bb sticky_enabled=\u00bb0&#8243;]<\/p>\n<h1><span style=\"color: #ffffff;\">CERROJO<\/span><\/h1>\n<p>[\/et_pb_text][\/et_pb_column][\/et_pb_row][\/et_pb_section][et_pb_section fb_built=\u00bb1&#8243; admin_label=\u00bbSC-TERROIR\u00bb module_class=\u00bbterroir-sc\u00bb _builder_version=\u00bb4.17.6&#8243; _module_preset=\u00bbdefault\u00bb background_image=\u00bbhttps:\/\/silviacortiwines.com\/wp-content\/uploads\/2022\/10\/fonndo-terroir-05.png\u00bb module_alignment=\u00bbcenter\u00bb global_colors_info=\u00bb{}\u00bb][et_pb_row column_structure=\u00bb1_2,1_2&#8243; make_equal=\u00bbon\u00bb admin_label=\u00bbSC-CEPILLO\u00bb _builder_version=\u00bb4.17.6&#8243; _module_preset=\u00bbdefault\u00bb hover_enabled=\u00bb0&#8243; global_colors_info=\u00bb{}\u00bb sticky_enabled=\u00bb0&#8243;][et_pb_column type=\u00bb1_2&#8243; _builder_version=\u00bb4.17.6&#8243; _module_preset=\u00bbdefault\u00bb custom_css_main_element=\u00bbmargin: auto;\u00bb global_colors_info=\u00bb{}\u00bb][et_pb_image src=\u00bbhttps:\/\/silviacortiwines.com\/wp-content\/uploads\/2024\/10\/bottles-pngMALBEC-2021.png\u00bb title_text=\u00bbbottles-pngMALBEC-2021&#8243; _builder_version=\u00bb4.17.6&#8243; _module_preset=\u00bbdefault\u00bb hover_enabled=\u00bb0&#8243; global_colors_info=\u00bb{}\u00bb sticky_enabled=\u00bb0&#8243; max_height=\u00bb500px\u00bb align=\u00bbcenter\u00bb][\/et_pb_image][\/et_pb_column][et_pb_column type=\u00bb1_2&#8243; _builder_version=\u00bb4.17.6&#8243; _module_preset=\u00bbdefault\u00bb custom_css_main_element=\u00bbmargin: auto;\u00bb global_colors_info=\u00bb{}\u00bb][et_pb_text _builder_version=\u00bb4.17.6&#8243; _module_preset=\u00bbdefault\u00bb header_text_align=\u00bbcenter\u00bb custom_padding_tablet=\u00bb\u00bb custom_padding_phone=\u00bb30px||||false|false\u00bb custom_padding_last_edited=\u00bbon|phone\u00bb hover_enabled=\u00bb0&#8243; global_colors_info=\u00bb{}\u00bb sticky_enabled=\u00bb0&#8243;]<\/p>\n<h1 data-block-id=\"block-16a93633-9621-4b00-8492-2375a350e420\"><span style=\"color: #ffffff;\">CERROJO MALBEC<\/span><\/h1>\n<h1 data-block-id=\"block-b0350485-8c39-4f71-85fa-0aae8a34a823\"><\/h1>\n<p>[\/et_pb_text][et_pb_text _builder_version=\u00bb4.17.6&#8243; _module_preset=\u00bbdefault\u00bb hover_enabled=\u00bb0&#8243; global_colors_info=\u00bb{}\u00bb sticky_enabled=\u00bb0&#8243;]<\/p>\n<p>Este vino naci\u00f3 de un antiguo vi\u00f1edo ubicado en el Callej\u00f3n de La Reta, fundado en suelos muy profundos de dep\u00f3sito fino arrastrado por el R\u00edo Mendoza desde mucho antes de la fundaci\u00f3n de la provincia. La madurez lenta y tard\u00eda de estas vi\u00f1as nos permite elaborar vinos con aromas de frutas maduras, equilibrados y de gran cuerpo y voluptuosidad en boca<\/p>\n<p>[\/et_pb_text][et_pb_button button_url=\u00bbhttps:\/\/silviacortiwines.com\/wp-content\/uploads\/2024\/10\/fichas-tecnicas-CERROJO-MALBEC-21-ESPANOL.pdf\u00bb button_text=\u00bbDescargar Ficha T\u00e9cnica\u00bb button_alignment=\u00bbcenter\u00bb _builder_version=\u00bb4.17.6&#8243; _module_preset=\u00bbdefault\u00bb custom_button=\u00bbon\u00bb button_text_size=\u00bb17px\u00bb button_text_color=\u00bb#FFFFFF\u00bb button_bg_color=\u00bb#9158E0&#8243; button_border_width=\u00bb0px\u00bb button_border_radius=\u00bb28px\u00bb animation_style=\u00bbfade\u00bb animation_duration=\u00bb400ms\u00bb hover_enabled=\u00bb0&#8243; box_shadow_style=\u00bbpreset3&#8243; global_colors_info=\u00bb{}\u00bb sticky_enabled=\u00bb0&#8243;][\/et_pb_button][et_pb_button button_url=\u00bbhttps:\/\/silviacortiwines.com\/wp-content\/uploads\/2024\/10\/fichas-tecnicas-CERROJO-MALBEC-21-ING.pdf\u00bb url_new_window=\u00bbon\u00bb button_text=\u00bb Download Technical Sheet\u00bb button_alignment=\u00bbcenter\u00bb _builder_version=\u00bb4.17.6&#8243; _module_preset=\u00bbdefault\u00bb custom_button=\u00bbon\u00bb button_text_size=\u00bb17px\u00bb button_text_color=\u00bb#FFFFFF\u00bb button_bg_color=\u00bb#d0a95f\u00bb button_border_width=\u00bb0px\u00bb button_border_radius=\u00bb28px\u00bb animation_style=\u00bbfade\u00bb animation_duration=\u00bb400ms\u00bb hover_enabled=\u00bb0&#8243; box_shadow_style=\u00bbpreset3&#8243; global_colors_info=\u00bb{}\u00bb sticky_enabled=\u00bb0&#8243;][\/et_pb_button][\/et_pb_column][\/et_pb_row][et_pb_row column_structure=\u00bb1_2,1_2&#8243; make_equal=\u00bbon\u00bb admin_label=\u00bbSC-CEPILLO\u00bb _builder_version=\u00bb4.17.6&#8243; _module_preset=\u00bbdefault\u00bb global_colors_info=\u00bb{}\u00bb][et_pb_column type=\u00bb1_2&#8243; _builder_version=\u00bb4.17.6&#8243; _module_preset=\u00bbdefault\u00bb custom_css_main_element=\u00bbmargin: auto;\u00bb global_colors_info=\u00bb{}\u00bb][et_pb_image src=\u00bbhttps:\/\/silviacortiwines.com\/wp-content\/uploads\/2024\/10\/bottles-pngMALBEC-2021.png\u00bb title_text=\u00bbbottles-pngMALBEC-2021&#8243; _builder_version=\u00bb4.17.6&#8243; _module_preset=\u00bbdefault\u00bb hover_enabled=\u00bb0&#8243; global_colors_info=\u00bb{}\u00bb sticky_enabled=\u00bb0&#8243; max_height=\u00bb500px\u00bb align=\u00bbcenter\u00bb][\/et_pb_image][\/et_pb_column][et_pb_column type=\u00bb1_2&#8243; _builder_version=\u00bb4.17.6&#8243; _module_preset=\u00bbdefault\u00bb custom_css_main_element=\u00bbmargin: auto;\u00bb global_colors_info=\u00bb{}\u00bb][et_pb_text _builder_version=\u00bb4.17.6&#8243; _module_preset=\u00bbdefault\u00bb header_text_align=\u00bbcenter\u00bb custom_padding_tablet=\u00bb\u00bb custom_padding_phone=\u00bb30px||||false|false\u00bb custom_padding_last_edited=\u00bbon|phone\u00bb hover_enabled=\u00bb0&#8243; global_colors_info=\u00bb{}\u00bb sticky_enabled=\u00bb0&#8243;]<\/p>\n<h1 data-block-id=\"block-16a93633-9621-4b00-8492-2375a350e420\"><span style=\"color: #ffffff;\">CERROJO CABERNET<\/span><\/h1>\n<h1 data-block-id=\"block-b0350485-8c39-4f71-85fa-0aae8a34a823\"><\/h1>\n<p>[\/et_pb_text][et_pb_text _builder_version=\u00bb4.17.6&#8243; _module_preset=\u00bbdefault\u00bb hover_enabled=\u00bb0&#8243; global_colors_info=\u00bb{}\u00bb sticky_enabled=\u00bb0&#8243;]<\/p>\n<p>En la elaboraci\u00f3n de cada Cerrojo, respeto la entra\u00f1able esencia del terroir donde nacen sus uvas. Como la de los vi\u00f1edos donde los suelos pedregosos, las noches fr\u00edas de veranos calientes y el agua puro del deshielo cordillerano, definen un Cabernet Franc geniuno y \u00fanico.<\/p>\n<p>[\/et_pb_text][et_pb_button button_url=\u00bbhttps:\/\/silviacortiwines.com\/wp-content\/uploads\/2024\/10\/fichas-tecnicas-CERROJO-CABERNET-22-ESPANOL.pdf\u00bb button_text=\u00bbDescargar Ficha T\u00e9cnica\u00bb button_alignment=\u00bbcenter\u00bb _builder_version=\u00bb4.17.6&#8243; _module_preset=\u00bbdefault\u00bb custom_button=\u00bbon\u00bb button_text_size=\u00bb17px\u00bb button_text_color=\u00bb#FFFFFF\u00bb button_bg_color=\u00bb#9158E0&#8243; button_border_width=\u00bb0px\u00bb button_border_radius=\u00bb28px\u00bb animation_style=\u00bbfade\u00bb animation_duration=\u00bb400ms\u00bb hover_enabled=\u00bb0&#8243; box_shadow_style=\u00bbpreset3&#8243; global_colors_info=\u00bb{}\u00bb sticky_enabled=\u00bb0&#8243;][\/et_pb_button][et_pb_button button_url=\u00bbhttps:\/\/silviacortiwines.com\/wp-content\/uploads\/2024\/10\/fichas-tecnicas-CERROJO-CABERNET-22-ING.pdf\u00bb url_new_window=\u00bbon\u00bb button_text=\u00bb Download Technical Sheet\u00bb button_alignment=\u00bbcenter\u00bb _builder_version=\u00bb4.17.6&#8243; _module_preset=\u00bbdefault\u00bb custom_button=\u00bbon\u00bb button_text_size=\u00bb17px\u00bb button_text_color=\u00bb#FFFFFF\u00bb button_bg_color=\u00bb#d0a95f\u00bb button_border_width=\u00bb0px\u00bb button_border_radius=\u00bb28px\u00bb animation_style=\u00bbfade\u00bb animation_duration=\u00bb400ms\u00bb hover_enabled=\u00bb0&#8243; box_shadow_style=\u00bbpreset3&#8243; global_colors_info=\u00bb{}\u00bb sticky_enabled=\u00bb0&#8243;][\/et_pb_button][\/et_pb_column][\/et_pb_row][\/et_pb_section][et_pb_section fb_built=\u00bb1&#8243; custom_padding_last_edited=\u00bbon|phone\u00bb admin_label=\u00bbPROXIMAMENTE\u00bb _builder_version=\u00bb4.17.6&#8243; _module_preset=\u00bbdefault\u00bb custom_margin_tablet=\u00bb\u00bb custom_margin_phone=\u00bb\u00bb custom_margin_last_edited=\u00bbon|tablet\u00bb custom_padding=\u00bb0px||0px||true|false\u00bb custom_padding_tablet=\u00bb0px||0px||true|false\u00bb custom_padding_phone=\u00bb0px||0px||true|false\u00bb global_colors_info=\u00bb{}\u00bb][et_pb_row use_custom_gutter=\u00bbon\u00bb make_equal=\u00bbon\u00bb custom_padding_last_edited=\u00bbon|tablet\u00bb _builder_version=\u00bb4.17.6&#8243; _module_preset=\u00bbdefault\u00bb background_image=\u00bbhttps:\/\/silviacortiwines.com\/wp-content\/uploads\/2022\/08\/vid-scaled.jpg\u00bb width=\u00bb100%\u00bb width_tablet=\u00bb\u00bb width_phone=\u00bb100%\u00bb width_last_edited=\u00bbon|tablet\u00bb max_width=\u00bb2560%\u00bb min_height=\u00bb172.2px\u00bb custom_margin=\u00bb0px|0px|0px|0px|true|true\u00bb custom_margin_tablet=\u00bb0px|0px|0px|0px|true|true\u00bb custom_margin_phone=\u00bb0px|0px|0px|0px|true|true\u00bb custom_margin_last_edited=\u00bbon|desktop\u00bb custom_padding=\u00bb3vw|3vw|3vw|3vw|true|true\u00bb custom_padding_tablet=\u00bb3vw|3vw|3vw|3vw|true|true\u00bb custom_padding_phone=\u00bb|10vw||10vw|true|true\u00bb box_shadow_style=\u00bbpreset3&#8243; global_colors_info=\u00bb{}\u00bb][et_pb_column type=\u00bb4_4&#8243; _builder_version=\u00bb4.16&#8243; _module_preset=\u00bbdefault\u00bb global_colors_info=\u00bb{}\u00bb][et_pb_text content_tablet=\u00bb<\/p>\n<h2 style=%22text-align: center;%22><span style=%22color: #ffffff;%22>PR\u00d3XIMAMENTE GUALTALLARY, LOS CHACAYES, VINOS ORG\u00c1NICOS<\/span><\/h2>\n<h2 style=%22text-align: center;%22><span style=%22color: #ffffff;%22>Y VINOS SIN SULFITO<\/span><\/h2>\n<p>\u00bb content_phone=\u00bb<\/p>\n<h2 style=%22text-align: center;%22><span style=%22color: #ffffff;%22>PR\u00d3XIMAMENTE GUALTALLARY, LOS CHACAYES, VINOS ORG\u00c1NICOS<\/span><\/h2>\n<h2 style=%22text-align: center;%22><span style=%22color: #ffffff;%22>Y VINOS SIN SULFITO<\/span><\/h2>\n<h2><\/h2>\n<p>\u00bb content_last_edited=\u00bbon|phone\u00bb _builder_version=\u00bb4.17.6&#8243; _module_preset=\u00bbdefault\u00bb text_font=\u00bbAlegreya Sans|800|||||||\u00bb text_text_color=\u00bb#FFFFFF\u00bb text_font_size=\u00bb1px\u00bb text_letter_spacing=\u00bb3px\u00bb text_line_height=\u00bb1.3em\u00bb header_text_align=\u00bbcenter\u00bb header_text_color=\u00bb#0D0C0E\u00bb header_font_size=\u00bb50px\u00bb header_letter_spacing=\u00bb10px\u00bb text_orientation=\u00bbcenter\u00bb width_tablet=\u00bb\u00bb width_phone=\u00bb\u00bb width_last_edited=\u00bbon|phone\u00bb custom_margin=\u00bb29px||||false|false\u00bb text_text_shadow_style=\u00bbpreset2&#8243; text_text_shadow_blur_strength=\u00bb0.65em\u00bb text_text_shadow_color=\u00bb#0D0C0E\u00bb global_colors_info=\u00bb{}\u00bb]<\/p>\n<h2 style=\"text-align: center;\"><span style=\"color: #ffffff;\">PR\u00d3XIMAMENTE GUALTALLARY, LOS CHACAYES, VINOS ORG\u00c1NICOS<\/span><\/h2>\n<h2 style=\"text-align: center;\"><span style=\"color: #ffffff;\">Y VINOS SIN SULFITO<\/span><\/h2>\n<p>[\/et_pb_text][\/et_pb_column][\/et_pb_row][\/et_pb_section][et_pb_section fb_built=\u00bb1&#8243; _builder_version=\u00bb4.17.6&#8243; _module_preset=\u00bbdefault\u00bb global_colors_info=\u00bb{}\u00bb][et_pb_row column_structure=\u00bb1_3,1_3,1_3&#8243; _builder_version=\u00bb4.16&#8243; _module_preset=\u00bbdefault\u00bb min_height=\u00bb352.2px\u00bb global_colors_info=\u00bb{}\u00bb][et_pb_column type=\u00bb1_3&#8243; _builder_version=\u00bb4.16&#8243; _module_preset=\u00bbdefault\u00bb global_colors_info=\u00bb{}\u00bb][\/et_pb_column][et_pb_column type=\u00bb1_3&#8243; _builder_version=\u00bb4.16&#8243; _module_preset=\u00bbdefault\u00bb global_colors_info=\u00bb{}\u00bb][et_pb_image src=\u00bbhttps:\/\/silviacortiwines.com\/wp-content\/uploads\/2022\/10\/logo_scvioletdorado.png\u00bb title_text=\u00bblogo_scviolet+dorado\u00bb align=\u00bbcenter\u00bb _builder_version=\u00bb4.17.6&#8243; _module_preset=\u00bbdefault\u00bb width=\u00bb60%\u00bb max_width=\u00bb100%\u00bb global_colors_info=\u00bb{}\u00bb][\/et_pb_image][et_pb_social_media_follow _builder_version=\u00bb4.16&#8243; _module_preset=\u00bbdefault\u00bb text_orientation=\u00bbcenter\u00bb custom_margin=\u00bb0vw||0vw||false|false\u00bb global_colors_info=\u00bb{}\u00bb][et_pb_social_media_follow_network social_network=\u00bbfacebook\u00bb url=\u00bbhttps:\/\/www.facebook.com\/Silvia-Corti-104873181839770&#8243; _builder_version=\u00bb4.16&#8243; _module_preset=\u00bbdefault\u00bb background_color=\u00bbrgba(13,12,14,0.64)\u00bb background_enable_color=\u00bbon\u00bb global_colors_info=\u00bb{}\u00bb follow_button=\u00bboff\u00bb url_new_window=\u00bbon\u00bb]facebook[\/et_pb_social_media_follow_network][et_pb_social_media_follow_network social_network=\u00bbinstagram\u00bb url=\u00bbhttps:\/\/www.instagram.com\/silviavcorti\/\u00bb _builder_version=\u00bb4.16&#8243; _module_preset=\u00bbdefault\u00bb background_color=\u00bbrgba(13,12,14,0.64)\u00bb background_enable_color=\u00bbon\u00bb global_colors_info=\u00bb{}\u00bb follow_button=\u00bboff\u00bb url_new_window=\u00bbon\u00bb]instagram[\/et_pb_social_media_follow_network][\/et_pb_social_media_follow][\/et_pb_column][et_pb_column type=\u00bb1_3&#8243; _builder_version=\u00bb4.16&#8243; _module_preset=\u00bbdefault\u00bb global_colors_info=\u00bb{}\u00bb][\/et_pb_column][\/et_pb_row][\/et_pb_section]<\/p>\n","protected":false},"excerpt":{"rendered":"<p>CERROJOCERROJO MALBEC Este vino naci\u00f3 de un antiguo vi\u00f1edo ubicado en el Callej\u00f3n de La Reta, fundado en suelos muy profundos de dep\u00f3sito fino arrastrado por el R\u00edo Mendoza desde mucho antes de la fundaci\u00f3n de la provincia. La madurez lenta y tard\u00eda de estas vi\u00f1as nos permite elaborar vinos con aromas de frutas maduras, [&hellip;]<\/p>\n","protected":false},"author":5,"featured_media":0,"parent":0,"menu_order":0,"comment_status":"closed","ping_status":"closed","template":"","meta":{"_et_pb_use_builder":"on","_et_pb_old_content":"","_et_gb_content_width":"","footnotes":""},"class_list":["post-1214","page","type-page","status-publish","hentry"],"_links":{"self":[{"href":"https:\/\/silviacortiwines.com\/en\/wp-json\/wp\/v2\/pages\/1214","targetHints":{"allow":["GET"]}}],"collection":[{"href":"https:\/\/silviacortiwines.com\/en\/wp-json\/wp\/v2\/pages"}],"about":[{"href":"https:\/\/silviacortiwines.com\/en\/wp-json\/wp\/v2\/types\/page"}],"author":[{"embeddable":true,"href":"https:\/\/silviacortiwines.com\/en\/wp-json\/wp\/v2\/users\/5"}],"replies":[{"embeddable":true,"href":"https:\/\/silviacortiwines.com\/en\/wp-json\/wp\/v2\/comments?post=1214"}],"version-history":[{"count":5,"href":"https:\/\/silviacortiwines.com\/en\/wp-json\/wp\/v2\/pages\/1214\/revisions"}],"predecessor-version":[{"id":1227,"href":"https:\/\/silviacortiwines.com\/en\/wp-json\/wp\/v2\/pages\/1214\/revisions\/1227"}],"wp:attachment":[{"href":"https:\/\/silviacortiwines.com\/en\/wp-json\/wp\/v2\/media?parent=1214"}],"curies":[{"name":"wp","href":"https:\/\/api.w.org\/{rel}","templated":true}]}}